{"id":442,"date":"2022-09-26T16:54:34","date_gmt":"2022-09-26T14:54:34","guid":{"rendered":"https:\/\/www.eduard-winter-kinderstiftung.berlin\/wordpress\/?page_id=442"},"modified":"2022-09-26T16:54:35","modified_gmt":"2022-09-26T14:54:35","slug":"projekte-2017","status":"publish","type":"page","link":"https:\/\/www.eduard-winter-kinderstiftung.berlin\/wordpress\/projekte-2017\/","title":{"rendered":"Projekte 2017"},"content":{"rendered":"\n<div class=\"wp-block-image\"><figure class=\"alignright\"><a href=\"http:\/\/www.eduard-winter-kinderstiftung.berlin\/wordpress\/wp-content\/uploads\/2022\/08\/Die_Arche.jpg\"><img loading=\"lazy\" width=\"200\" height=\"112\" src=\"http:\/\/www.eduard-winter-kinderstiftung.berlin\/wordpress\/wp-content\/uploads\/2022\/08\/Die_Arche-e1662481789744.jpg\" alt=\"\" class=\"wp-image-382\"\/><\/a><\/figure><\/div>\n\n\n\n<p class=\"has-black-color has-text-color\"><strong>&#8222;Tanzworkshop&#8220; mit &#8222;Die Arche&#8220; Christliches Kinder- und Jugendwerk e.V.<\/strong><\/p>\n\n\n\n<p class=\"has-black-color has-text-color\">Der Verein engagiert sich besonders f\u00fcr Kinder aus sozial benachteiligten Verh\u00e4ltnissen. An seinen Standorten bietet er verschiedene Angebote rund um die Themen Essen, Lernen, Freizeit, Ferien, Freunde und Familie an.<\/p>\n\n\n\n<p class=\"has-black-color has-text-color\">Durch unsere Spende finanzierten wir einen ganzj\u00e4hrigen Tanzkurs f\u00fcr Kinder und Jugendliche in der Arche Berlin-Hellersdorf. Der Kurs wurde 1x w\u00f6chentlich durchgef\u00fchrt und fand gro\u00dfen Anklang. Es wurde bereits eigene T\u00e4nze entwickelt und f\u00fcr verschiedene Auftritte geprobt, was allen Beteiligten viel Freude macht.<\/p>\n\n\n\n<div class=\"wp-block-image\"><figure class=\"alignright is-resized\"><a href=\"http:\/\/www.eduard-winter-kinderstiftung.berlin\/wordpress\/wp-content\/uploads\/2022\/08\/MJI.jpg\"><img loading=\"lazy\" src=\"http:\/\/www.eduard-winter-kinderstiftung.berlin\/wordpress\/wp-content\/uploads\/2022\/08\/MJI.jpg\" alt=\"\" class=\"wp-image-388\" width=\"133\" height=\"150\"\/><\/a><\/figure><\/div>\n\n\n\n<p class=\"has-black-color has-text-color\"><strong>&#8222;PC-gest\u00fctzte Hausaufgabenhilfe&#8220; mit dem Multikulturelles Jugend- und Integrationszentrum (MJI) e.V.<\/strong><\/p>\n\n\n\n<p class=\"has-black-color has-text-color\">Der Verein will einen Beitrag zur Integration von Migranten leisten und den sozialen Zusammenhalt in unserer Gesellschaft f\u00f6rdern. Durch Unterst\u00fctzung der Kinder und Jugendlichen mit und ohne Migrationshintergrund tr\u00e4gt er dazu bei, insbesondere Kindern aus sozial schwachen Familien bessere Zukunftsperspektiven zu erm\u00f6glichen.<\/p>\n\n\n\n<p class=\"has-black-color has-text-color\">Auch in 2017 f\u00f6rderten wir das integrative Nachhilfeprojekt des Vereins. Bei dieser speziellen Form der Unterst\u00fctzung in schulischen Belangen, seien es Hausaufgabenprobleme oder generelle Lernschwierigkeiten, wird an 4 Tagen in der Woche f\u00fcr jeweils insgesamt 4 Stunden allen Kindenr und Jugentlichen die M\u00f6glichkeit gegeben, unter fachkundiger ehrenamtlicher Betreuung und mit Unterst\u00fctzung durch den Einsatz geeigenter Computerprogramme ihre Arbeiten zu erledigen und die ben\u00f6tigte Hilfestellung zu bekommen. Die hierdurch erlangte Sicherheit in schulischen Belangen verbessert nicht nur die Notensituation der Kinder, sie st\u00e4rkt auch deren Selbstbewusstsein nachhaltig.<\/p>\n\n\n\n<div class=\"wp-block-image\"><figure class=\"alignright size-full is-resized\"><a href=\"http:\/\/www.eduard-winter-kinderstiftung.berlin\/wordpress\/wp-content\/uploads\/2022\/09\/Strassenkinder.jpg\"><img loading=\"lazy\" src=\"http:\/\/www.eduard-winter-kinderstiftung.berlin\/wordpress\/wp-content\/uploads\/2022\/09\/Strassenkinder.jpg\" alt=\"\" class=\"wp-image-420\" width=\"226\" height=\"136\"\/><\/a><\/figure><\/div>\n\n\n\n<h3 class=\"has-black-color has-text-color\"><strong>&#8222;Teeniefreizeit 2017&#8220; mit Stra\u00dfenkinder e.V.<a href=\"http:\/\/www.eduard-winter-kinderstiftung.berlin\/wordpress\/wp-content\/uploads\/2022\/09\/Strassenkinder.jpg\"><\/a><\/strong><\/h3>\n\n\n\n<p class=\"has-black-color has-text-color\">Der Verein f\u00f6rdert sozial benachteiligte Kinder durch Bildung und gesellschaftliche Teilhabe und verhindert so, dass sie auf der Strasse landen. Stra\u00dfenkinder e.V. geht aktiv gegen Kinder- und Bildungsarmut vor, und betreut in seinem Kinder- und Jugendhaus &#8222;Bolle&#8220; t\u00e4glich bis zu 150 Kinder und Jugendliche mit einem abgestimmten Freizeit- und Bildungsangebot.<\/p>\n\n\n\n<p class=\"has-black-color has-text-color\">Durch unsere Spende finanzierten wir die einw\u00f6chige Ferienfahrt f\u00fcr insgesamt 27 Kinder im Alter von 11 bis 13 Jahren mit ihren Betreuern und Betreuerinnen nach Friedrichshagen an der Ostsee. Es wurden zahlreiche Ausfl\u00fcge gemacht, Tage am Strand verbracht und Spiele gespielt sowie verschiedene Workshops abgehalten. Alle Teilnehmer hatten viel Spass dabei und kamen gut erholt zur\u00fcck. F\u00fcr viele Kinder war es das erste Mal, dass sie eine Woche au\u00dferhalb von Berlin verbringen konnten.<\/p>\n\n\n\n<div class=\"wp-block-image\"><figure class=\"alignright is-resized\"><a href=\"http:\/\/www.eduard-winter-kinderstiftung.berlin\/wordpress\/wp-content\/uploads\/2022\/08\/Anders_sehen.jpg\"><img loading=\"lazy\" src=\"http:\/\/www.eduard-winter-kinderstiftung.berlin\/wordpress\/wp-content\/uploads\/2022\/08\/Anders_sehen.jpg\" alt=\"\" class=\"wp-image-380\" width=\"150\" height=\"150\" srcset=\"https:\/\/www.eduard-winter-kinderstiftung.berlin\/wordpress\/wp-content\/uploads\/2022\/08\/Anders_sehen.jpg 200w, https:\/\/www.eduard-winter-kinderstiftung.berlin\/wordpress\/wp-content\/uploads\/2022\/08\/Anders_sehen-150x150.jpg 150w\" sizes=\"(max-width: 150px) 100vw, 150px\" \/><\/a><\/figure><\/div>\n\n\n\n<p class=\"has-black-color has-text-color\"><strong>&#8222;Inklusives Kinderbuch&#8220; mit Anders Sehen e.V.<\/strong><\/p>\n\n\n\n<p class=\"has-black-color has-text-color\">Der Verein engagiert sich f\u00fcr die Integration blinder und stark sehbehinderter Kinder. Er organisiert z. B. Mobilit\u00e4ts- und Klicksonar-Trainings mit dem bekannten blinden Perceptual Mobility Trainer Juan Ruiz, der international f\u00fcr seine Trainingsmethoden gebucht wird.<\/p>\n\n\n\n<p class=\"has-black-color has-text-color\">Durch unsere Spende finanzierten wir die Produktion des taktilen Kinderbuchs &#8222;Herv\u00e9 und ich&#8220; f\u00fcr blinde und stark sehbehinderte Kinder mit einer Auflage von 200 St\u00fcck. Das Buch fordert Kinder auf, mit ihm zu &#8222;arbeiten&#8220;, z. B. einen Weg zu kleben, Skulpturen zu bauen oder Bilder zu malen. Aus dem Erl\u00f6s der verkauften B\u00fccher konnten dann wiederum verschiedene Klicksonar-Trainings f\u00fcr Kinder und Jugendliche in Berlin finanziert werden.<\/p>\n\n\n\n<div class=\"wp-block-image\"><figure class=\"alignright is-resized\"><a href=\"http:\/\/www.eduard-winter-kinderstiftung.berlin\/wordpress\/wp-content\/uploads\/2022\/08\/TrauerZeit.jpg\"><img loading=\"lazy\" src=\"http:\/\/www.eduard-winter-kinderstiftung.berlin\/wordpress\/wp-content\/uploads\/2022\/08\/TrauerZeit.jpg\" alt=\"\" class=\"wp-image-395\" width=\"209\" height=\"150\"\/><\/a><\/figure><\/div>\n\n\n\n<p class=\"has-black-color has-text-color\"><strong>&#8222;Erinnerungsbuch f\u00fcr trauernde Kinder&#8220; mit TrauerZeit &#8211; Zentrum f\u00fcr trauernde Kinder und Famlien Berlin Brandenburg e.V.<\/strong><\/p>\n\n\n\n<p class=\"has-black-color has-text-color\">Der Verein hat sich auf Trauerbegleitung und Trauertherapie spezialisiert und unterst\u00fctzt Kinder und Jugendliche in ihren jeweiligen Trauerbew\u00e4ltigungsphasen, die von Person zu Person v\u00f6llig unterschiedlich ablaufen k\u00f6nnen. Seit Jahren bietet TrauerZeit e.V. erfolgreich verschiedene Kindertrauergruppen und Jugendlichen-Trauergruppen f\u00fcr Halb- und Vollwaisen an.<\/p>\n\n\n\n<p class=\"has-black-color has-text-color\">Durch unsere Spende finanzierten wir die Produktion von 300 selbstgestalteten Erinnerungsb\u00fcchern f\u00fcr trauernde Kinder im Alter von 5 bis 11 Jahren, die der Verein im Rahmen seiner Kindertrauergruppen zur Trauerbew\u00e4ltigung einsetzen kann. Die Inhalte wurden gemeinsam mit den trauernden Kindern gestaltet, da die auf dem Markt erh\u00e4lt-lichen B\u00fccher oftmals f\u00fcr diese Altersgruppen nicht so geeignet sind<\/p>\n","protected":false},"excerpt":{"rendered":"<p>&#8222;Tanzworkshop&#8220; mit &#8222;Die Arche&#8220; Christliches Kinder- und Jugendwerk e.V. Der Verein engagiert sich besonders f\u00fcr Kinder aus sozial benachteiligten Verh\u00e4ltnissen. An seinen Standorten bietet er verschiedene Angebote rund um die Themen Essen, Lernen, Freizeit, Ferien, Freunde und Familie an. Durch<\/p>\n","protected":false},"author":1,"featured_media":0,"parent":0,"menu_order":0,"comment_status":"closed","ping_status":"closed","template":"","meta":[],"_links":{"self":[{"href":"https:\/\/www.eduard-winter-kinderstiftung.berlin\/wordpress\/wp-json\/wp\/v2\/pages\/442"}],"collection":[{"href":"https:\/\/www.eduard-winter-kinderstiftung.berlin\/wordpress\/wp-json\/wp\/v2\/pages"}],"about":[{"href":"https:\/\/www.eduard-winter-kinderstiftung.berlin\/wordpress\/wp-json\/wp\/v2\/types\/page"}],"author":[{"embeddable":true,"href":"https:\/\/www.eduard-winter-kinderstiftung.berlin\/wordpress\/wp-json\/wp\/v2\/users\/1"}],"replies":[{"embeddable":true,"href":"https:\/\/www.eduard-winter-kinderstiftung.berlin\/wordpress\/wp-json\/wp\/v2\/comments?post=442"}],"version-history":[{"count":1,"href":"https:\/\/www.eduard-winter-kinderstiftung.berlin\/wordpress\/wp-json\/wp\/v2\/pages\/442\/revisions"}],"predecessor-version":[{"id":444,"href":"https:\/\/www.eduard-winter-kinderstiftung.berlin\/wordpress\/wp-json\/wp\/v2\/pages\/442\/revisions\/444"}],"wp:attachment":[{"href":"https:\/\/www.eduard-winter-kinderstiftung.berlin\/wordpress\/wp-json\/wp\/v2\/media?parent=442"}],"curies":[{"name":"wp","href":"https:\/\/api.w.org\/{rel}","templated":true}]}}