{"id":438,"date":"2022-09-26T16:49:42","date_gmt":"2022-09-26T14:49:42","guid":{"rendered":"https:\/\/www.eduard-winter-kinderstiftung.berlin\/wordpress\/?page_id=438"},"modified":"2022-09-26T16:51:04","modified_gmt":"2022-09-26T14:51:04","slug":"projekte-2018","status":"publish","type":"page","link":"https:\/\/www.eduard-winter-kinderstiftung.berlin\/wordpress\/projekte-2018\/","title":{"rendered":"Projekte 2018"},"content":{"rendered":"\n<div class=\"wp-block-image\"><figure class=\"alignright is-resized\"><a href=\"http:\/\/www.eduard-winter-kinderstiftung.berlin\/wordpress\/wp-content\/uploads\/2022\/08\/Sonnenhof.jpg\"><img loading=\"lazy\" src=\"http:\/\/www.eduard-winter-kinderstiftung.berlin\/wordpress\/wp-content\/uploads\/2022\/08\/Sonnenhof-300x119.jpg\" alt=\"\" class=\"wp-image-392\" width=\"225\" height=\"89\" srcset=\"https:\/\/www.eduard-winter-kinderstiftung.berlin\/wordpress\/wp-content\/uploads\/2022\/08\/Sonnenhof-300x119.jpg 300w, https:\/\/www.eduard-winter-kinderstiftung.berlin\/wordpress\/wp-content\/uploads\/2022\/08\/Sonnenhof.jpg 503w\" sizes=\"(max-width: 225px) 100vw, 225px\" \/><\/a><\/figure><\/div>\n\n\n\n<p class=\"has-black-color has-text-color\"><strong>&#8222;Einrichtung eines Trainings- und Snoezelen-Raums&#8220; mit dem evangelischen Kinderheim Sonnehof e.V.<\/strong><\/p>\n\n\n\n<p class=\"has-black-color has-text-color\">Der Verein hat sich auf die Betreuung von Kindern mit vorgeburtlicher Alkoholsch\u00e4digung (FASD) spezialisiert, welche dort zusammen mit nicht behinderten Kindern in kleinen &#8222;familienanalogen&#8220; Wohngruppen leben.<\/p>\n\n\n\n<p class=\"has-black-color has-text-color\">Durch unsere Spende finanzierten wir die Einrichtung eines Trainings- und eines sogenannten &#8222;Snoezelen-&#8222;Raums im Keller des Wei\u00dfen Hauses auf dem Gel\u00e4nde des Vereins. Im Trainingsraum k\u00f6nnen sich fortan die Kinder mit Defiziten in der Impuls-Kontrolle gezielt abreagieren, ohne sich oder andere zu gef\u00e4hrden. Der benachbarte Snoezelen-Raum soll k\u00fcnftig dazu dienen, mit seinen beruhigenden Licht- und Wasserspielen ebensolchen Erregungszust\u00e4nden m\u00f6glichst vorzubeugen oder bei ihrem Abbau zu helfen.<\/p>\n\n\n\n<div class=\"wp-block-image\"><figure class=\"alignright is-resized\"><a href=\"http:\/\/www.eduard-winter-kinderstiftung.berlin\/wordpress\/wp-content\/uploads\/2022\/08\/DRK_Schoeneberg_Wilmersdorf.jpg\"><img loading=\"lazy\" src=\"http:\/\/www.eduard-winter-kinderstiftung.berlin\/wordpress\/wp-content\/uploads\/2022\/08\/DRK_Schoeneberg_Wilmersdorf-300x128.jpg\" alt=\"\" class=\"wp-image-383\" width=\"225\" height=\"96\" srcset=\"https:\/\/www.eduard-winter-kinderstiftung.berlin\/wordpress\/wp-content\/uploads\/2022\/08\/DRK_Schoeneberg_Wilmersdorf-300x128.jpg 300w, https:\/\/www.eduard-winter-kinderstiftung.berlin\/wordpress\/wp-content\/uploads\/2022\/08\/DRK_Schoeneberg_Wilmersdorf.jpg 467w\" sizes=\"(max-width: 225px) 100vw, 225px\" \/><\/a><\/figure><\/div>\n\n\n\n<p class=\"has-black-color has-text-color\"><strong>&#8222;Fr\u00fchchen-Patenschaftsprojekt&#8220; mit dem DRK Kreisverband Berlin-Zentrum e.V.<\/strong><\/p>\n\n\n\n<p class=\"has-black-color has-text-color\">Der Verein geh\u00f6rt als Kreisverband zum DRK Deutschland und arbeitet im Zentrum von Berlin.<\/p>\n\n\n\n<p class=\"has-black-color has-text-color\">Durch unsere Spende finanzierten wir das Projekt &#8222;Fr\u00fchchen-Patenschaft&#8220;, mit dem Eltern und vor allem Geschwister von fr\u00fchgeborenen Kindern, in der Regel Mehrlingsgeburten mit gesundheitlichen Einschr\u00e4nkungen, Entlastung und Unterst\u00fctzung im Alltag erfahren. Durch regelm\u00e4\u00dfige Besuche ehrenamtlich t\u00e4tiger Patinnen und Paten werden dringend ben\u00f6tigte Freir\u00e4ume f\u00fcr Eltern und Geschwisterkinder geschaffen, um auch mal wieder etwas Zeit f\u00fcr einander zu haben und Kraft zu sch\u00f6pfen. Das Angebot besteht insbesondere f\u00fcr Familien, deren Verwandte ihnen aus den verschiedensten Gr\u00fcnden keine Hilfestellung leisten k\u00f6nnen.<\/p>\n\n\n\n<div class=\"wp-block-image\"><figure class=\"alignright is-resized\"><a href=\"http:\/\/www.eduard-winter-kinderstiftung.berlin\/wordpress\/wp-content\/uploads\/2022\/08\/Wildwasser.jpg\"><img loading=\"lazy\" src=\"http:\/\/www.eduard-winter-kinderstiftung.berlin\/wordpress\/wp-content\/uploads\/2022\/08\/Wildwasser.jpg\" alt=\"\" class=\"wp-image-396\" width=\"198\" height=\"150\"\/><\/a><\/figure><\/div>\n\n\n\n<p class=\"has-black-color has-text-color\"><strong>&#8222;Schulmotivierendes Angebot&#8220; mit Wildwasser Arbeitsgemeinschaft gegen sexuellen Missbrauch an M\u00e4dchen e.V.<\/strong><\/p>\n\n\n\n<p class=\"has-black-color has-text-color\">Der Verein ist eine Arbeitsgemeinschaft gegen sexualisiserte Gewalt an M\u00e4dchen. Seine Angebote richten sich sowohl an M\u00e4dchen als auch an erwachsene Frauen, die als M\u00e4dchen oder Jugendliche sexualisierter Gewalt ausgesetzt waren, ebenso deren Angeh\u00f6rige und sie unterst\u00fctzende Personen. Zum Verein geh\u00f6rt auch der M\u00e4dchennotdienst f\u00fcr jugendliche M\u00e4dchen in Krisensituationen.<\/p>\n\n\n\n<p class=\"has-black-color has-text-color\">Durch unsere Spende erm\u00f6glichten wir es, den teilweise traumatisierten und deshalb auch nicht wieder schulf\u00e4higen M\u00e4dchen, an mehren Tagen pro Woche in ihren derzeitigen Wohngruppen an einer professionellen schulbegleitenden Lernstoffvermittlung in kleinen Gruppen teilzunehmen. Ziel dieser Ma\u00dfnahme ist es, die M\u00e4dchen bestm\u00f6glich auf den erneuten Schulbesuch vorzubereiten.<\/p>\n\n\n\n<div class=\"wp-block-image\"><figure class=\"alignright size-full is-resized\"><a href=\"http:\/\/www.eduard-winter-kinderstiftung.berlin\/wordpress\/wp-content\/uploads\/2022\/09\/Strassenkinder.jpg\"><img loading=\"lazy\" src=\"http:\/\/www.eduard-winter-kinderstiftung.berlin\/wordpress\/wp-content\/uploads\/2022\/09\/Strassenkinder.jpg\" alt=\"\" class=\"wp-image-420\" width=\"226\" height=\"136\"\/><\/a><\/figure><\/div>\n\n\n\n<h3 class=\"has-black-color has-text-color\"><strong>&#8222;Teeniefreizeit 2018&#8220; mit Stra\u00dfenkinder e.V.<a href=\"http:\/\/www.eduard-winter-kinderstiftung.berlin\/wordpress\/wp-content\/uploads\/2022\/09\/Strassenkinder.jpg\"><\/a><\/strong><\/h3>\n\n\n\n<p class=\"has-black-color has-text-color\">Der Verein f\u00f6rdert sozial benachteiligte Kinder durch Bildung und gesellschaftliche Teilhabe und verhindert so, dass sie auf der Strasse landen. Stra\u00dfenkinder e.V. geht aktiv gegen Kinder- und Bildungsarmut vor, und betreut in seinem Kinder- und Jugendhaus &#8222;Bolle&#8220; t\u00e4glich bis zu 150 Kinder und Jugendliche mit einem abgestimmten Freizeit- und Bildungsangebot.<\/p>\n\n\n\n<p class=\"has-black-color has-text-color\">Durch unsere Spende finanzierten wir die einw\u00f6chige Ferienfahrt f\u00fcr insgesamt 20 Kinder im Alter von 11 bis 13 Jahren mit ihren Betreuern und Betreuerinnen ins Erzgebirge. Es wurden zahlreiche Ausfl\u00fcge gemacht, ein Tag im Erlebnisbad verbracht und Spiele gespielt sowie verschiedene Workshops abgehalten; alle Teilnehmer hatten viel Spass dabei und kamen gut erholt zur\u00fcck. F\u00fcr viele Kinder war es das erste Mal, dass sie eine Woche au\u00dferhalb von Berlin verbringen konnten.<\/p>\n\n\n\n<div class=\"wp-block-image\"><figure class=\"alignright is-resized\"><a href=\"http:\/\/www.eduard-winter-kinderstiftung.berlin\/wordpress\/wp-content\/uploads\/2022\/08\/McDonaldsKinderhilfe.jpg\"><img loading=\"lazy\" src=\"http:\/\/www.eduard-winter-kinderstiftung.berlin\/wordpress\/wp-content\/uploads\/2022\/08\/McDonaldsKinderhilfe.jpg\" alt=\"\" class=\"wp-image-386\" width=\"83\" height=\"150\"\/><\/a><\/figure><\/div>\n\n\n\n<p class=\"has-black-color has-text-color\"><strong>&#8222;Raum-Patenschaft&#8220; mit dem Ronald McDonald-Kinderhaus Berlin-Buch<\/strong><\/p>\n\n\n\n<p class=\"has-black-color has-text-color\">Im Ronald McDonald Haus in Berlin-Buch k\u00f6nnen Familien schwer erkrankter Kinder kostenfrei in kleinen Apartements mit Geinschaftsk\u00fcche wohnen, w\u00e4hrend die jungen Patienten im Helios-Klinikum Berlin-Buch behandelt werden. So ist es ihnen m\u00f6glich, stehts nah bei ihren Kindern sein zu k\u00f6nnen, ohne lange Fahrtwege etc. in Kauf nehmen zu m\u00fcssen.<\/p>\n\n\n\n<p class=\"has-black-color has-text-color\">Durch unsere Spende fiannzierten wir die Unterbringung von betroffenen Familien in einem solchen Apartment f\u00fcr insgesamt 3 Jahre (Laufzeit des Projektes von 2018 bis 2020).<\/p>\n\n\n\n<div class=\"wp-block-image\"><figure class=\"alignright is-resized\"><a href=\"http:\/\/www.eduard-winter-kinderstiftung.berlin\/wordpress\/wp-content\/uploads\/2022\/08\/Tannenhof.jpg\"><img loading=\"lazy\" src=\"http:\/\/www.eduard-winter-kinderstiftung.berlin\/wordpress\/wp-content\/uploads\/2022\/08\/Tannenhof-300x94.jpg\" alt=\"\" class=\"wp-image-394\" width=\"225\" height=\"71\" srcset=\"https:\/\/www.eduard-winter-kinderstiftung.berlin\/wordpress\/wp-content\/uploads\/2022\/08\/Tannenhof-300x94.jpg 300w, https:\/\/www.eduard-winter-kinderstiftung.berlin\/wordpress\/wp-content\/uploads\/2022\/08\/Tannenhof.jpg 641w\" sizes=\"(max-width: 225px) 100vw, 225px\" \/><\/a><\/figure><\/div>\n\n\n\n<p class=\"has-black-color has-text-color\"><strong>&#8222;Weihnachtsgeschenke&#8220; mit dem Tannenhof Berlin-Brandenburg e.V.<\/strong><\/p>\n\n\n\n<p class=\"has-black-color has-text-color\">Der Verein unterst\u00fctzt Kinder aus benachteiligten Lebenssituationen. Die Belastungen k\u00f6nnen so stark sein, dass die Kinder zeitweilig nicht zu Hause leben k\u00f6nnen. Es leben ca. 15 Kinder im Grundschulalter in Kinderwohngruppen bei dem Tr\u00e4ger, viele weitere Kinder werden in sogenannten Tageswohngruppen betreut.<\/p>\n\n\n\n<p class=\"has-black-color has-text-color\">Durch unsere Spende finanzierten wir den Kindern aller Wohngruppen des Vereins zum Jahresende 2018 gerne ver-schiedene Gemeinschaftsgeschenke. Diese reichten von der Anschaffung eines grossen Trampolins und Fu\u00dfballtors f\u00fcr den Au\u00dfenbereich, \u00fcber einen Kaufladen aus Holz bis hin zum gemeinschaftlichen Besuch des Weihnachtszirkus Roncalli im Januar 2019.<\/p>\n","protected":false},"excerpt":{"rendered":"<p>&#8222;Einrichtung eines Trainings- und Snoezelen-Raums&#8220; mit dem evangelischen Kinderheim Sonnehof e.V. Der Verein hat sich auf die Betreuung von Kindern mit vorgeburtlicher Alkoholsch\u00e4digung (FASD) spezialisiert, welche dort zusammen mit nicht behinderten Kindern in kleinen &#8222;familienanalogen&#8220; Wohngruppen leben. Durch unsere Spende<\/p>\n","protected":false},"author":1,"featured_media":0,"parent":0,"menu_order":0,"comment_status":"closed","ping_status":"closed","template":"","meta":[],"_links":{"self":[{"href":"https:\/\/www.eduard-winter-kinderstiftung.berlin\/wordpress\/wp-json\/wp\/v2\/pages\/438"}],"collection":[{"href":"https:\/\/www.eduard-winter-kinderstiftung.berlin\/wordpress\/wp-json\/wp\/v2\/pages"}],"about":[{"href":"https:\/\/www.eduard-winter-kinderstiftung.berlin\/wordpress\/wp-json\/wp\/v2\/types\/page"}],"author":[{"embeddable":true,"href":"https:\/\/www.eduard-winter-kinderstiftung.berlin\/wordpress\/wp-json\/wp\/v2\/users\/1"}],"replies":[{"embeddable":true,"href":"https:\/\/www.eduard-winter-kinderstiftung.berlin\/wordpress\/wp-json\/wp\/v2\/comments?post=438"}],"version-history":[{"count":2,"href":"https:\/\/www.eduard-winter-kinderstiftung.berlin\/wordpress\/wp-json\/wp\/v2\/pages\/438\/revisions"}],"predecessor-version":[{"id":441,"href":"https:\/\/www.eduard-winter-kinderstiftung.berlin\/wordpress\/wp-json\/wp\/v2\/pages\/438\/revisions\/441"}],"wp:attachment":[{"href":"https:\/\/www.eduard-winter-kinderstiftung.berlin\/wordpress\/wp-json\/wp\/v2\/media?parent=438"}],"curies":[{"name":"wp","href":"https:\/\/api.w.org\/{rel}","templated":true}]}}