{"id":429,"date":"2022-09-26T16:39:48","date_gmt":"2022-09-26T14:39:48","guid":{"rendered":"https:\/\/www.eduard-winter-kinderstiftung.berlin\/wordpress\/?page_id=429"},"modified":"2022-09-26T16:39:48","modified_gmt":"2022-09-26T14:39:48","slug":"projekte-2020","status":"publish","type":"page","link":"https:\/\/www.eduard-winter-kinderstiftung.berlin\/wordpress\/projekte-2020\/","title":{"rendered":"Projekte 2020"},"content":{"rendered":"\n<div class=\"wp-block-image\"><figure class=\"alignright is-resized\"><a href=\"http:\/\/www.eduard-winter-kinderstiftung.berlin\/wordpress\/wp-content\/uploads\/2022\/08\/Tannenhof.jpg\"><img loading=\"lazy\" src=\"http:\/\/www.eduard-winter-kinderstiftung.berlin\/wordpress\/wp-content\/uploads\/2022\/08\/Tannenhof-300x94.jpg\" alt=\"\" class=\"wp-image-394\" width=\"225\" height=\"71\" srcset=\"https:\/\/www.eduard-winter-kinderstiftung.berlin\/wordpress\/wp-content\/uploads\/2022\/08\/Tannenhof-300x94.jpg 300w, https:\/\/www.eduard-winter-kinderstiftung.berlin\/wordpress\/wp-content\/uploads\/2022\/08\/Tannenhof.jpg 641w\" sizes=\"(max-width: 225px) 100vw, 225px\" \/><\/a><\/figure><\/div>\n\n\n\n<p class=\"has-black-color has-text-color\"><strong>&#8222;Digitale Bildung&#8220; mit dem Tannenhof Berlin-Brandenburg e.V.<\/strong><\/p>\n\n\n\n<p class=\"has-black-color has-text-color\">Der Verein unterst\u00fctzt Kinder aus benachteiligten Lebenssituationen. Die Belastungen k\u00f6nnen so stark sein, dass die Kinder zeitweilig nicht zu Hause leben k\u00f6nnen. Es leben ca. 15 Kinder im Grundschulalter in Kinderwohngruppen bei dem Tr\u00e4ger, viele weitere werden in sogenannten Tageswohngruppen betreut. Au\u00dferdem betreibt der Verein die Tannenhof Schule, an der es u. a. jungen Erwachsenen im Rahmen des dritten Bildungsweges erm\u00f6glicht wird, einen Schulabschluss zu erlangen und so ihre Chancen auf dem Arbeitsmarkt deutlich zu verbessern.<\/p>\n\n\n\n<p class=\"has-black-color has-text-color\">Durch unsere Spende konnten 10 kindgerechte Tablets f\u00fcr die Kinderwohngruppe gekauft werden, mit denen die Herausforderungen des pandemiebedingten &#8222;Home-Schoolings&#8220; zuk\u00fcnftig leichter bewerkstelligt werden k\u00f6nnen. Au\u00dferdem wurden insgesamt 13 PCs f\u00fcr die Tannenhof Schule angeschafft, so dass es auch den dortigen Sch\u00fclerinnen und Sch\u00fclern zuk\u00fcnftig hoffentlich leichter fallen wird, ihre Recherchen und Hausaufgaben zeitnah zu erledigen.<\/p>\n\n\n\n<div class=\"wp-block-image\"><figure class=\"alignright size-full is-resized\"><a href=\"http:\/\/www.eduard-winter-kinderstiftung.berlin\/wordpress\/wp-content\/uploads\/2022\/09\/Strassenkinder.jpg\"><img loading=\"lazy\" src=\"http:\/\/www.eduard-winter-kinderstiftung.berlin\/wordpress\/wp-content\/uploads\/2022\/09\/Strassenkinder.jpg\" alt=\"\" class=\"wp-image-420\" width=\"193\" height=\"118\"\/><\/a><\/figure><\/div>\n\n\n\n<h3 class=\"has-black-color has-text-color\"><strong>&#8222;Miete Warschauer Str. 17&#8220; mit Stra\u00dfenkinder e.V.<a href=\"http:\/\/www.eduard-winter-kinderstiftung.berlin\/wordpress\/wp-content\/uploads\/2022\/09\/Strassenkinder.jpg\"><\/a><\/strong><\/h3>\n\n\n\n<p class=\"has-black-color has-text-color\">Der Verein f\u00f6rdert sozial benachteiligte Kinder durch Bildung und gesellschaftliche Teilhabe und verhindert so, dass sie auf der Strasse landen. Stra\u00dfenkinder e.V. geht aktiv gegen Kinder- und Bildungsarmut vor, und betreut in seinem Kinder- und Jugendhaus &#8222;Bolle&#8220; t\u00e4glich bis zu 150 Kinder und Jugendliche mit einem abgestimmten Freizeit- und Bildungsangebot. Au\u00dferdem betreibt der Verein in der Warschauer Str. 17 in Berlin-Friedrichshain eine Anlaufstelle, insbesondere f\u00fcr Jugendliche zwischen 14 und 18 Jahren.<\/p>\n\n\n\n<p class=\"has-black-color has-text-color\">Durch unsere Spende wurden die Mietkosten der Anlaufstelle f\u00fcr insgesamt 1 Jahr bezahlt. Die Anlaufstelle &#8222;W17&#8220; wird t\u00e4glich von bis zu 40 Jugendlichen besucht, die sich dort aufw\u00e4rmen, duschen, die Hilfsangebote &#8211; z. B. im Umgang mit den Beh\u00f6rden &#8211; annehmen oder sich einfach nur ein bisschen mit den anderen Besucherinnen und Besuchern bzw. dem Personal austauschen wollen.<\/p>\n\n\n\n<div class=\"wp-block-image\"><figure class=\"alignright is-resized\"><a href=\"http:\/\/www.eduard-winter-kinderstiftung.berlin\/wordpress\/wp-content\/uploads\/2022\/08\/Kindertraeume.jpg\"><img loading=\"lazy\" src=\"http:\/\/www.eduard-winter-kinderstiftung.berlin\/wordpress\/wp-content\/uploads\/2022\/08\/Kindertraeume-300x197.jpg\" alt=\"\" class=\"wp-image-384\" width=\"200\" height=\"148\"\/><\/a><\/figure><\/div>\n\n\n\n<p class=\"has-black-color has-text-color\"><strong>&#8222;Wunscherf\u00fcllung&#8220; mit Kindertr\u00e4ume e.V.<\/strong><\/p>\n\n\n\n<p class=\"has-black-color has-text-color\">Der Verein hat es sich zur Aufgabe gemacht, die W\u00fcnsche lebensbedrohlich erkrankter Kinder und Jugendlicher zu erf\u00fcllen, frei nach dem Motto: &#8222;Die \u00c4rztinnen und \u00c4rzte k\u00fcmmern sich um das Medizinische, die Helfer und Helferinnen von &#8218;Kindertr\u00e4ume&#8216; um das Seelische.&#8220; Dabei kann es sich um Reisen oder Konzerbesuche genauso handeln wie um ein neues Handy oder ein gro\u00dfes Lego-Set; die W\u00fcnsche sind so unterschiedlich wie die Menschen,&nbsp; von denen sie ge-\u00e4u\u00dfert werden.<\/p>\n\n\n\n<p class=\"has-black-color has-text-color\">Durch unsere Spende erm\u00f6glichten wir es dem Verein sehr gern, die W\u00fcnsche einiger &#8211; leider schwer erkrankter &#8211; Kinder und Jugendlichen zu erf\u00fcllen. Wir w\u00fcnschen allen Beteiligten gute Besserung und hoffen eine baldige Genesung!<\/p>\n\n\n\n<div class=\"wp-block-image\"><figure class=\"alignright is-resized\"><a href=\"http:\/\/www.eduard-winter-kinderstiftung.berlin\/wordpress\/wp-content\/uploads\/2022\/08\/Spz_Foerderverein_Charite.jpg\"><img loading=\"lazy\" src=\"http:\/\/www.eduard-winter-kinderstiftung.berlin\/wordpress\/wp-content\/uploads\/2022\/08\/Spz_Foerderverein_Charite-e1662481638894.jpg\" alt=\"\" class=\"wp-image-393\" width=\"213\" height=\"147\"\/><\/a><\/figure><\/div>\n\n\n\n<p class=\"has-black-color has-text-color\"><strong>&#8222;Rollstuhl-Parcours&#8220; mit dem F\u00f6rderverein f\u00fcr chronisch kranke Kinder am Sozialp\u00e4dagogischen Zentrum (SPZ) der Charit\u00e9 e.V.<\/strong><\/p>\n\n\n\n<p class=\"has-black-color has-text-color\">Der Verein f\u00f6rdert chronisch kranke Kinder durch verschiedene therapeutische Ans\u00e4tze (z. B. Musiktherapie, Yoga, Segelschulungen etc.), um ihnen die Teilhabe am Leben so einfach wie m\u00f6glich zu machen.<\/p>\n\n\n\n<p class=\"has-black-color has-text-color\">Durch unsere Spende finanzierten wir gern einen Teil des neuen Rollstuhl-Parcours auf dem Gel\u00e4nde der Charit\u00e9 am Campus Rudolf Virchow in Berlin, auf dem nun erkrankte und auf den Rollstuhl angewiesene Kinder zun\u00e4chst unter fachlicher Anleitung den Umgang mit dem Rollstuhl auf verschiedensten Untergr\u00fcnden (z. B. Stra\u00dfenschwellen, Sand) erproben k\u00f6nnen. So f\u00e4llt es ihnen leichter, sich sp\u00e4ter auch allein im Alltag zurechtzufinden, was wiederum ihre Eigenst\u00e4ndigkeit und ihr Selbstvertrauen nachhaltig st\u00e4rkt.<\/p>\n\n\n\n<div class=\"wp-block-image\"><figure class=\"alignright is-resized\"><a href=\"http:\/\/www.eduard-winter-kinderstiftung.berlin\/wordpress\/wp-content\/uploads\/2022\/08\/TrauerZeit.jpg\"><img loading=\"lazy\" src=\"http:\/\/www.eduard-winter-kinderstiftung.berlin\/wordpress\/wp-content\/uploads\/2022\/08\/TrauerZeit.jpg\" alt=\"\" class=\"wp-image-395\" width=\"209\" height=\"150\"\/><\/a><\/figure><\/div>\n\n\n\n<p class=\"has-black-color has-text-color\"><strong>&#8222;Einrichtung Waisenhaus&#8220; mit TrauerZeit &#8211; Zentrum f\u00fcr trauernde Kinder und Familien e.V.<\/strong><\/p>\n\n\n\n<p class=\"has-black-color has-text-color\">Der Verein bietet Kindern und Jugendlichen, die einen oder beide Elternteile verloren haben, in Einzelberatung oder seinen Trauergruppen qualifizierten Beistand in dieser schwierigen Lebenssituation an. Dort k\u00f6nnen sich die Be-troffenen mit betroffenen anderen Kindern und Jugendlichen austauschen, was f\u00fcr sie in ihrem normalen Alltag oft nicht m\u00f6glich ist. Au\u00dferdem wird voraussichtlich im Jahr 2022 das erste von dem Verein betriebene Waisenhaus in Berlin-Buch seine Arbeit aufnehmen k\u00f6nnen.<\/p>\n\n\n\n<p class=\"has-black-color has-text-color\">Mit unserer Spende finanzierten wir gern den Ankauf diverser Einrichtungsgegenst\u00e4nde f\u00fcr die zuk\u00fcnftigen in eben-diesem Waisenhaus untergebrachten beiden Wohngruppen. In diesen Wohngruppen wird es zuk\u00fcnftig m\u00f6glich sein, dass vollverwaiste Kinder aus einer Familie &#8211; unabh\u00e4ngig vom Alter der minderj\u00e4hrigen Waisen &#8211; alle zusammen mit ihren sogennanten innewohnenden Erziehern\/Erzieherinnen zusammenleben k\u00f6nnen.<\/p>\n","protected":false},"excerpt":{"rendered":"<p>&#8222;Digitale Bildung&#8220; mit dem Tannenhof Berlin-Brandenburg e.V. Der Verein unterst\u00fctzt Kinder aus benachteiligten Lebenssituationen. Die Belastungen k\u00f6nnen so stark sein, dass die Kinder zeitweilig nicht zu Hause leben k\u00f6nnen. Es leben ca. 15 Kinder im Grundschulalter in Kinderwohngruppen bei dem<\/p>\n","protected":false},"author":1,"featured_media":0,"parent":0,"menu_order":0,"comment_status":"closed","ping_status":"closed","template":"","meta":[],"_links":{"self":[{"href":"https:\/\/www.eduard-winter-kinderstiftung.berlin\/wordpress\/wp-json\/wp\/v2\/pages\/429"}],"collection":[{"href":"https:\/\/www.eduard-winter-kinderstiftung.berlin\/wordpress\/wp-json\/wp\/v2\/pages"}],"about":[{"href":"https:\/\/www.eduard-winter-kinderstiftung.berlin\/wordpress\/wp-json\/wp\/v2\/types\/page"}],"author":[{"embeddable":true,"href":"https:\/\/www.eduard-winter-kinderstiftung.berlin\/wordpress\/wp-json\/wp\/v2\/users\/1"}],"replies":[{"embeddable":true,"href":"https:\/\/www.eduard-winter-kinderstiftung.berlin\/wordpress\/wp-json\/wp\/v2\/comments?post=429"}],"version-history":[{"count":4,"href":"https:\/\/www.eduard-winter-kinderstiftung.berlin\/wordpress\/wp-json\/wp\/v2\/pages\/429\/revisions"}],"predecessor-version":[{"id":433,"href":"https:\/\/www.eduard-winter-kinderstiftung.berlin\/wordpress\/wp-json\/wp\/v2\/pages\/429\/revisions\/433"}],"wp:attachment":[{"href":"https:\/\/www.eduard-winter-kinderstiftung.berlin\/wordpress\/wp-json\/wp\/v2\/media?parent=429"}],"curies":[{"name":"wp","href":"https:\/\/api.w.org\/{rel}","templated":true}]}}