{"id":2,"date":"2015-05-19T17:33:30","date_gmt":"2015-05-19T15:33:30","guid":{"rendered":"http:\/\/www.eduard-winter-kinderstiftung.berlin\/wordpress\/?page_id=2"},"modified":"2018-05-09T11:32:06","modified_gmt":"2018-05-09T09:32:06","slug":"beispiel-seite","status":"publish","type":"page","link":"https:\/\/www.eduard-winter-kinderstiftung.berlin\/wordpress\/beispiel-seite\/","title":{"rendered":"Gru\u00dfwort"},"content":{"rendered":"<p><img loading=\"lazy\" class=\"attachment-266x266 alignright\" src=\"http:\/\/www.eduard-winter-kinderstiftung.berlin\/wordpress\/wp-content\/uploads\/2015\/07\/Frau-Dr.-von-der-Leyen-1-200x300.jpg\" alt=\"Frau Dr. von der Leyen-1\" width=\"200\" height=\"300\" \/><\/p>\n<p><span style=\"color: #000000;\">Unbeschwerte Heiterkeit, ein Leben ohne Furcht und ohne Not &#8211; das w\u00fcnschen wir allen Kindern. Denn sie sind es, die mit ihrem unbek\u00fcmmerten Lachen den oft grauen Alltag von uns Erwachsenen aufhellen; die unserer Gesellschaft eine Zukunft geben. Umso mehr trifft es uns, wenn Kinder Not oder Armut erleiden, sie nicht mehr lachen k\u00f6nnen.<\/span><\/p>\n<p>&nbsp;<\/p>\n<p><span style=\"color: #000000;\">Kindern in Not zu helfen, das hat sich Madeleine Winter-Schulze zum Ziel gesetzt. Mit der Gr\u00fcndung der Eduard Winter Kinderstiftung Berlin will sie hilfsbed\u00fcrftige M\u00e4dchen und Jungen im sozialen, medizinischen und schulischen Bereich unterst\u00fctzen. Sie setzt ein Zeichen f\u00fcr B\u00fcrgersinn und unser aller Verantwortung f\u00fcr unsere Gesellschaft. Und zwar in ihrer Geburts- und Herzensstadt Berlin, in der ihr Vater Eduard Winter in den 30er Jahren seine bis heute erfolgreiche Unternehmensgruppe gr\u00fcndete.<\/span><\/p>\n<p>&nbsp;<\/p>\n<p><span style=\"color: #000000;\">Berlin ist eine aufregende Metropole &#8211; aber es ist auch eine Stadt mit Schattenseiten. Dazu geh\u00f6ren zehntausende Kinder, die unter der Armutsgrenze leben. Es gibt viele Fl\u00fcchtlingskinder, deren Eltern traumatisiert sind oder die selbst unter den Folgen ihrer Flucht leiden. Und es gibt, wie vielerorts, Kinder mit schweren Erkrankungen, deren erste Lebensjahre von schrecklichem Leid gezeichnet sind. Ihnen allen muss pragmatisch geholfen werden &#8211; und genau das will die Eduard Winter Kinderstiftung Berlin tun.<\/span><\/p>\n<p>&nbsp;<\/p>\n<p><span style=\"color: #000000;\">Sie ist eine F\u00f6rderstiftung, d. h. sie unterst\u00fctzt ausgesuchte Projekte anderer gemeinn\u00fctziger Organisationen und Tr\u00e4ger finanziell. Damit will sie nicht einfach ein weiterer Projekttr\u00e4ger mehr sein und so wom\u00f6glich in einen wie auch immer gearteten Wettbewerb treten, sondern vielversprechender Hilfe den notwendigen Anschub geben, um sie nachhaltig zum Erfolg zu f\u00fchren.<\/span><\/p>\n<p>&nbsp;<\/p>\n<p><span style=\"color: #000000;\">Mich hat dieser Ansatz \u00fcberzeugt. Darum habe ich gerne die Schirmherrschaft \u00fcber die Eduard Winter Kinderstiftung Berlin \u00fcbernommen. Ich w\u00fcnsche der Stiftung einen guten Start &#8211; und w\u00fcnsche mir, dass wir alle bald viel mehr helles Kinderlachen h\u00f6ren k\u00f6nnen.<\/span><\/p>\n<p style=\"text-align: right;\"><span style=\"color: #000000;\"><strong>Dr. Ursula von der Leyen<\/strong><\/span><\/p>\n<p style=\"text-align: right;\"><span style=\"color: #000000;\">\u00a0<\/span><\/p>\n","protected":false},"excerpt":{"rendered":"<p>Unbeschwerte Heiterkeit, ein Leben ohne Furcht und ohne Not &#8211; das w\u00fcnschen wir allen Kindern. Denn sie sind es, die mit ihrem unbek\u00fcmmerten Lachen den oft grauen Alltag von uns Erwachsenen aufhellen; die unserer Gesellschaft eine Zukunft geben. Umso mehr<\/p>\n","protected":false},"author":1,"featured_media":148,"parent":0,"menu_order":0,"comment_status":"open","ping_status":"closed","template":"page-templates\/template-contact.php","meta":[],"_links":{"self":[{"href":"https:\/\/www.eduard-winter-kinderstiftung.berlin\/wordpress\/wp-json\/wp\/v2\/pages\/2"}],"collection":[{"href":"https:\/\/www.eduard-winter-kinderstiftung.berlin\/wordpress\/wp-json\/wp\/v2\/pages"}],"about":[{"href":"https:\/\/www.eduard-winter-kinderstiftung.berlin\/wordpress\/wp-json\/wp\/v2\/types\/page"}],"author":[{"embeddable":true,"href":"https:\/\/www.eduard-winter-kinderstiftung.berlin\/wordpress\/wp-json\/wp\/v2\/users\/1"}],"replies":[{"embeddable":true,"href":"https:\/\/www.eduard-winter-kinderstiftung.berlin\/wordpress\/wp-json\/wp\/v2\/comments?post=2"}],"version-history":[{"count":47,"href":"https:\/\/www.eduard-winter-kinderstiftung.berlin\/wordpress\/wp-json\/wp\/v2\/pages\/2\/revisions"}],"predecessor-version":[{"id":33,"href":"https:\/\/www.eduard-winter-kinderstiftung.berlin\/wordpress\/wp-json\/wp\/v2\/pages\/2\/revisions\/33"}],"wp:featuredmedia":[{"embeddable":true,"href":"https:\/\/www.eduard-winter-kinderstiftung.berlin\/wordpress\/wp-json\/wp\/v2\/media\/148"}],"wp:attachment":[{"href":"https:\/\/www.eduard-winter-kinderstiftung.berlin\/wordpress\/wp-json\/wp\/v2\/media?parent=2"}],"curies":[{"name":"wp","href":"https:\/\/api.w.org\/{rel}","templated":true}]}}